{"id":131,"date":"2023-10-23T13:53:12","date_gmt":"2023-10-23T13:53:12","guid":{"rendered":"https:\/\/nils.cloud-lumia.fr\/?page_id=131"},"modified":"2025-07-23T10:13:14","modified_gmt":"2025-07-23T10:13:14","slug":"traitement-chenilles-processionnaires-entretien-jardin","status":"publish","type":"page","link":"https:\/\/arbres-et-co-64.fr\/?page_id=131","title":{"rendered":"Autres activit\u00e9s"},"content":{"rendered":"<p>[et_pb_section fb_built=\u00a0\u00bb1&Prime; _builder_version=\u00a0\u00bb4.23.1&Prime; _module_preset=\u00a0\u00bbdefault\u00a0\u00bb background_image=\u00a0\u00bbhttps:\/\/arbres-et-co-64.fr\/wp-content\/uploads\/2023\/11\/MADICOM-SITE-LOHIAGUE-1.png\u00a0\u00bb height=\u00a0\u00bb443px\u00a0\u00bb height_tablet=\u00a0\u00bb520px\u00a0\u00bb height_phone=\u00a0\u00bb320px\u00a0\u00bb height_last_edited=\u00a0\u00bbon|phone\u00a0\u00bb custom_margin=\u00a0\u00bb0px||0px||true|false\u00a0\u00bb custom_padding=\u00a0\u00bb18px||14px|||\u00a0\u00bb global_colors_info=\u00a0\u00bb{}\u00a0\u00bb][et_pb_row _builder_version=\u00a0\u00bb4.23&Prime; _module_preset=\u00a0\u00bbdefault\u00a0\u00bb global_colors_info=\u00a0\u00bb{}\u00a0\u00bb][et_pb_column type=\u00a0\u00bb4_4&Prime; _builder_version=\u00a0\u00bb4.23&Prime; _module_preset=\u00a0\u00bbdefault\u00a0\u00bb global_colors_info=\u00a0\u00bb{}\u00a0\u00bb][et_pb_image src=\u00a0\u00bbhttps:\/\/arbres-et-co-64.fr\/wp-content\/uploads\/2023\/11\/LOGO-ARBRES-CO-64.png\u00a0\u00bb title_text=\u00a0\u00bbLOGO ARBRES &#038; CO 64&Prime; _builder_version=\u00a0\u00bb4.23.1&Prime; _module_preset=\u00a0\u00bbdefault\u00a0\u00bb width=\u00a0\u00bb23%\u00a0\u00bb width_tablet=\u00a0\u00bb16%\u00a0\u00bb width_phone=\u00a0\u00bb50%\u00a0\u00bb width_last_edited=\u00a0\u00bbon|phone\u00a0\u00bb module_alignment=\u00a0\u00bbcenter\u00a0\u00bb global_colors_info=\u00a0\u00bb{}\u00a0\u00bb][\/et_pb_image][et_pb_text _builder_version=\u00a0\u00bb4.23&Prime; _module_preset=\u00a0\u00bbdefault\u00a0\u00bb text_font=\u00a0\u00bbMontserrat|700|||||||\u00a0\u00bb text_text_color=\u00a0\u00bb#FFFFFF\u00a0\u00bb text_font_size=\u00a0\u00bb42px\u00a0\u00bb text_orientation=\u00a0\u00bbcenter\u00a0\u00bb text_font_size_tablet=\u00a0\u00bb42px\u00a0\u00bb text_font_size_phone=\u00a0\u00bb29px\u00a0\u00bb text_font_size_last_edited=\u00a0\u00bbon|phone\u00a0\u00bb global_colors_info=\u00a0\u00bb{}\u00a0\u00bb]<\/p>\n<p>Autres activit\u00e9s<\/p>\n<p>[\/et_pb_text][\/et_pb_column][\/et_pb_row][\/et_pb_section][et_pb_section fb_built=\u00a0\u00bb1&Prime; _builder_version=\u00a0\u00bb4.23&Prime; _module_preset=\u00a0\u00bbdefault\u00a0\u00bb background_color=\u00a0\u00bb#3c540c\u00a0\u00bb custom_margin=\u00a0\u00bb0px||||false|false\u00a0\u00bb custom_padding=\u00a0\u00bb0px||0px||false|false\u00a0\u00bb global_colors_info=\u00a0\u00bb{}\u00a0\u00bb][\/et_pb_section][et_pb_section fb_built=\u00a0\u00bb1&Prime; disabled_on=\u00a0\u00bbon|off|off\u00a0\u00bb admin_label=\u00a0\u00bbHero\u00a0\u00bb _builder_version=\u00a0\u00bb4.23&Prime; custom_padding=\u00a0\u00bb0px|0px|0px|0px\u00a0\u00bb animation_style=\u00a0\u00bbzoom\u00a0\u00bb animation_intensity_zoom=\u00a0\u00bb4%\u00a0\u00bb global_colors_info=\u00a0\u00bb{}\u00a0\u00bb transform_styles__hover_enabled=\u00a0\u00bbon|hover\u00a0\u00bb transform_scale__hover_enabled=\u00a0\u00bbon|hover\u00a0\u00bb transform_translate__hover_enabled=\u00a0\u00bbon|desktop\u00a0\u00bb transform_rotate__hover_enabled=\u00a0\u00bbon|desktop\u00a0\u00bb transform_skew__hover_enabled=\u00a0\u00bbon|desktop\u00a0\u00bb transform_origin__hover_enabled=\u00a0\u00bbon|desktop\u00a0\u00bb transform_scale__hover=\u00a0\u00bb105%|105%\u00a0\u00bb][et_pb_row column_structure=\u00a0\u00bb1_2,1_2&Prime; use_custom_gutter=\u00a0\u00bbon\u00a0\u00bb gutter_width=\u00a0\u00bb1&Prime; make_equal=\u00a0\u00bbon\u00a0\u00bb module_class=\u00a0\u00bb et_pb_row_fullwidth\u00a0\u00bb _builder_version=\u00a0\u00bb4.23.1&Prime; background_color=\u00a0\u00bbRGBA(255,255,255,0)\u00a0\u00bb background_enable_image=\u00a0\u00bboff\u00a0\u00bb width=\u00a0\u00bb100%\u00a0\u00bb width_tablet=\u00a0\u00bb100%\u00a0\u00bb width_phone=\u00a0\u00bb100%\u00a0\u00bb width_last_edited=\u00a0\u00bbon|desktop\u00a0\u00bb max_width=\u00a0\u00bb100%\u00a0\u00bb max_width_tablet=\u00a0\u00bb100%\u00a0\u00bb max_width_phone=\u00a0\u00bb100%\u00a0\u00bb max_width_last_edited=\u00a0\u00bbon|desktop\u00a0\u00bb height=\u00a0\u00bb411px\u00a0\u00bb custom_padding=\u00a0\u00bb0px||0px|||\u00a0\u00bb animation_style=\u00a0\u00bbslide\u00a0\u00bb animation_direction=\u00a0\u00bbtop\u00a0\u00bb animation_intensity_slide=\u00a0\u00bb3%\u00a0\u00bb link_option_url=\u00a0\u00bbhttps:\/\/nils.cloud-lumia.fr\/?page_id=131\/#chenilles\u00a0\u00bb make_fullwidth=\u00a0\u00bbon\u00a0\u00bb global_colors_info=\u00a0\u00bb{}\u00a0\u00bb][et_pb_column type=\u00a0\u00bb1_2&Prime; _builder_version=\u00a0\u00bb4.16&Prime; custom_padding=\u00a0\u00bb10%|8%|10%|8%\u00a0\u00bb global_colors_info=\u00a0\u00bb{}\u00a0\u00bb custom_padding__hover=\u00a0\u00bb|||\u00a0\u00bb][et_pb_text _builder_version=\u00a0\u00bb4.23&Prime; text_font=\u00a0\u00bb||||||||\u00a0\u00bb header_font=\u00a0\u00bbMontserrat|700||on|||||\u00a0\u00bb header_text_color=\u00a0\u00bb#000000&Prime; header_font_size=\u00a0\u00bb52px\u00a0\u00bb header_line_height=\u00a0\u00bb1.3em\u00a0\u00bb custom_margin=\u00a0\u00bb-135px||43px||false|false\u00a0\u00bb custom_margin_tablet=\u00a0\u00bb-135px||43px||false|false\u00a0\u00bb custom_margin_phone=\u00a0\u00bb0px||44px||false|false\u00a0\u00bb custom_margin_last_edited=\u00a0\u00bbon|phone\u00a0\u00bb animation_style=\u00a0\u00bbfade\u00a0\u00bb header_font_size_tablet=\u00a0\u00bb52px\u00a0\u00bb header_font_size_phone=\u00a0\u00bb27px\u00a0\u00bb header_font_size_last_edited=\u00a0\u00bbon|phone\u00a0\u00bb locked=\u00a0\u00bboff\u00a0\u00bb global_colors_info=\u00a0\u00bb{}\u00a0\u00bb header_font_size__hover_enabled=\u00a0\u00bboff|desktop\u00a0\u00bb]<\/p>\n<h1>Chenilles processionnaires<\/h1>\n<p>[\/et_pb_text][et_pb_text _builder_version=\u00a0\u00bb4.23.1&Prime; text_font=\u00a0\u00bbMontserrat||||\u00a0\u00bb text_text_color=\u00a0\u00bb#000000&Prime; text_font_size=\u00a0\u00bb20px\u00a0\u00bb text_line_height=\u00a0\u00bb1.8em\u00a0\u00bb header_font=\u00a0\u00bb||||||||\u00a0\u00bb custom_margin=\u00a0\u00bb-34px||38px||false|false\u00a0\u00bb animation_style=\u00a0\u00bbslide\u00a0\u00bb animation_direction=\u00a0\u00bbtop\u00a0\u00bb animation_intensity_slide=\u00a0\u00bb17%\u00a0\u00bb locked=\u00a0\u00bboff\u00a0\u00bb global_colors_info=\u00a0\u00bb{}\u00a0\u00bb]<\/p>\n<p>Les chenilles processionnaires du pin, rep\u00e9rables \u00e0 leurs nids perch\u00e9s sur le bout des branches de pins et d\u00e9placement en \u00ab\u00a0file indienne\u00a0\u00bb.<br \/>Leurs poils urticants provoquent des irritations de la peau et des voies respiratoires<\/p>\n<p align=\"center\">[\/et_pb_text][\/et_pb_column][et_pb_column type=\u00a0\u00bb1_2&Prime; _builder_version=\u00a0\u00bb4.23.1&Prime; background_image=\u00a0\u00bbhttps:\/\/arbres-et-co-64.fr\/wp-content\/uploads\/2023\/11\/27.png\u00a0\u00bb background_position=\u00a0\u00bbcenter_left\u00a0\u00bb background_horizontal_offset=\u00a0\u00bb53%\u00a0\u00bb custom_padding=\u00a0\u00bb|||\u00a0\u00bb global_colors_info=\u00a0\u00bb{}\u00a0\u00bb custom_padding__hover=\u00a0\u00bb|||\u00a0\u00bb][\/et_pb_column][\/et_pb_row][\/et_pb_section][et_pb_section fb_built=\u00a0\u00bb1&Prime; disabled_on=\u00a0\u00bbon|off|off\u00a0\u00bb admin_label=\u00a0\u00bbHero\u00a0\u00bb _builder_version=\u00a0\u00bb4.23&Prime; custom_padding=\u00a0\u00bb0px|0px|0px|0px\u00a0\u00bb animation_style=\u00a0\u00bbzoom\u00a0\u00bb animation_intensity_zoom=\u00a0\u00bb4%\u00a0\u00bb global_colors_info=\u00a0\u00bb{}\u00a0\u00bb transform_styles__hover_enabled=\u00a0\u00bbon|hover\u00a0\u00bb transform_scale__hover_enabled=\u00a0\u00bbon|hover\u00a0\u00bb transform_translate__hover_enabled=\u00a0\u00bbon|desktop\u00a0\u00bb transform_rotate__hover_enabled=\u00a0\u00bbon|desktop\u00a0\u00bb transform_skew__hover_enabled=\u00a0\u00bbon|desktop\u00a0\u00bb transform_origin__hover_enabled=\u00a0\u00bbon|desktop\u00a0\u00bb transform_scale__hover=\u00a0\u00bb105%|105%\u00a0\u00bb][et_pb_row column_structure=\u00a0\u00bb1_2,1_2&Prime; use_custom_gutter=\u00a0\u00bbon\u00a0\u00bb gutter_width=\u00a0\u00bb1&Prime; make_equal=\u00a0\u00bbon\u00a0\u00bb module_class=\u00a0\u00bb et_pb_row_fullwidth\u00a0\u00bb _builder_version=\u00a0\u00bb4.23.1&Prime; background_color=\u00a0\u00bbRGBA(255,255,255,0)\u00a0\u00bb background_enable_image=\u00a0\u00bboff\u00a0\u00bb width=\u00a0\u00bb100%\u00a0\u00bb width_tablet=\u00a0\u00bb100%\u00a0\u00bb width_phone=\u00a0\u00bb100%\u00a0\u00bb width_last_edited=\u00a0\u00bbon|desktop\u00a0\u00bb max_width=\u00a0\u00bb100%\u00a0\u00bb max_width_tablet=\u00a0\u00bb100%\u00a0\u00bb max_width_phone=\u00a0\u00bb100%\u00a0\u00bb max_width_last_edited=\u00a0\u00bbon|desktop\u00a0\u00bb height=\u00a0\u00bb411px\u00a0\u00bb custom_padding=\u00a0\u00bb0px||0px|||\u00a0\u00bb animation_style=\u00a0\u00bbslide\u00a0\u00bb animation_direction=\u00a0\u00bbtop\u00a0\u00bb animation_intensity_slide=\u00a0\u00bb3%\u00a0\u00bb link_option_url=\u00a0\u00bbhttps:\/\/nils.cloud-lumia.fr\/?page_id=131\/#entretien\u00a0\u00bb make_fullwidth=\u00a0\u00bbon\u00a0\u00bb global_colors_info=\u00a0\u00bb{}\u00a0\u00bb][et_pb_column type=\u00a0\u00bb1_2&Prime; _builder_version=\u00a0\u00bb4.23.1&Prime; background_image=\u00a0\u00bbhttps:\/\/arbres-et-co-64.fr\/wp-content\/uploads\/2023\/11\/MADICOM-SITE-LOHIAGUE-2.png\u00a0\u00bb background_position=\u00a0\u00bbcenter_left\u00a0\u00bb background_horizontal_offset=\u00a0\u00bb53%\u00a0\u00bb custom_padding=\u00a0\u00bb|||\u00a0\u00bb global_colors_info=\u00a0\u00bb{}\u00a0\u00bb custom_padding__hover=\u00a0\u00bb|||\u00a0\u00bb][\/et_pb_column][et_pb_column type=\u00a0\u00bb1_2&Prime; _builder_version=\u00a0\u00bb4.16&Prime; custom_padding=\u00a0\u00bb10%|8%|10%|8%\u00a0\u00bb global_colors_info=\u00a0\u00bb{}\u00a0\u00bb custom_padding__hover=\u00a0\u00bb|||\u00a0\u00bb][et_pb_text _builder_version=\u00a0\u00bb4.23&Prime; text_font=\u00a0\u00bb||||||||\u00a0\u00bb header_font=\u00a0\u00bbMontserrat|700||on|||||\u00a0\u00bb header_text_color=\u00a0\u00bb#000000&Prime; header_font_size=\u00a0\u00bb52px\u00a0\u00bb header_line_height=\u00a0\u00bb1.3em\u00a0\u00bb custom_margin=\u00a0\u00bb-87px||47px||false|false\u00a0\u00bb animation_style=\u00a0\u00bbfade\u00a0\u00bb header_font_size_last_edited=\u00a0\u00bboff|desktop\u00a0\u00bb locked=\u00a0\u00bboff\u00a0\u00bb global_colors_info=\u00a0\u00bb{}\u00a0\u00bb]<\/p>\n<h1>Taille, tonte &amp; entretien<\/h1>\n<p>[\/et_pb_text][et_pb_text _builder_version=\u00a0\u00bb4.23.1&Prime; text_font=\u00a0\u00bbMontserrat||||\u00a0\u00bb text_text_color=\u00a0\u00bb#000000&Prime; text_font_size=\u00a0\u00bb20px\u00a0\u00bb text_line_height=\u00a0\u00bb1.8em\u00a0\u00bb header_font=\u00a0\u00bb||||||||\u00a0\u00bb custom_margin=\u00a0\u00bb-34px||38px||false|false\u00a0\u00bb animation_style=\u00a0\u00bbslide\u00a0\u00bb animation_direction=\u00a0\u00bbtop\u00a0\u00bb animation_intensity_slide=\u00a0\u00bb17%\u00a0\u00bb locked=\u00a0\u00bboff\u00a0\u00bb global_colors_info=\u00a0\u00bb{}\u00a0\u00bb]<\/p>\n<p><span>Nos activit\u00e9s s&rsquo;articulent \u00e9galement autour des am\u00e9nagements ext\u00e9rieurs, entretien, taille &amp; pose de cl\u00f4ture<\/span><\/p>\n<p>[\/et_pb_text][\/et_pb_column][\/et_pb_row][\/et_pb_section][et_pb_section fb_built=\u00a0\u00bb1&Prime; _builder_version=\u00a0\u00bb4.23&Prime; _module_preset=\u00a0\u00bbdefault\u00a0\u00bb background_color=\u00a0\u00bb#3c540c\u00a0\u00bb custom_margin=\u00a0\u00bb0px||||false|false\u00a0\u00bb custom_padding=\u00a0\u00bb0px||0px||false|false\u00a0\u00bb global_colors_info=\u00a0\u00bb{}\u00a0\u00bb][\/et_pb_section][et_pb_section fb_built=\u00a0\u00bb1&Prime; _builder_version=\u00a0\u00bb4.23&Prime; _module_preset=\u00a0\u00bbdefault\u00a0\u00bb global_colors_info=\u00a0\u00bb{}\u00a0\u00bb][et_pb_row disabled_on=\u00a0\u00bboff|off|on\u00a0\u00bb _builder_version=\u00a0\u00bb4.23&Prime; _module_preset=\u00a0\u00bbdefault\u00a0\u00bb global_colors_info=\u00a0\u00bb{}\u00a0\u00bb][et_pb_column type=\u00a0\u00bb4_4&Prime; _builder_version=\u00a0\u00bb4.23&Prime; _module_preset=\u00a0\u00bbdefault\u00a0\u00bb global_colors_info=\u00a0\u00bb{}\u00a0\u00bb][et_pb_text _builder_version=\u00a0\u00bb4.23&Prime; text_font=\u00a0\u00bb||||||||\u00a0\u00bb header_font=\u00a0\u00bbMontserrat|700||on|||||\u00a0\u00bb header_text_color=\u00a0\u00bb#000000&Prime; header_font_size=\u00a0\u00bb52px\u00a0\u00bb header_line_height=\u00a0\u00bb1.3em\u00a0\u00bb custom_margin=\u00a0\u00bb0px||0px||false|false\u00a0\u00bb custom_margin_tablet=\u00a0\u00bb0px||0px||false|false\u00a0\u00bb custom_margin_phone=\u00a0\u00bb-45px||44px||false|false\u00a0\u00bb custom_margin_last_edited=\u00a0\u00bbon|phone\u00a0\u00bb animation_style=\u00a0\u00bbfade\u00a0\u00bb header_font_size_tablet=\u00a0\u00bb52px\u00a0\u00bb header_font_size_phone=\u00a0\u00bb27px\u00a0\u00bb header_font_size_last_edited=\u00a0\u00bbon|phone\u00a0\u00bb locked=\u00a0\u00bboff\u00a0\u00bb global_colors_info=\u00a0\u00bb{}\u00a0\u00bb header_font_size__hover_enabled=\u00a0\u00bboff|desktop\u00a0\u00bb]<\/p>\n<h1>Chenilles processionnaires<\/h1>\n<p>[\/et_pb_text][et_pb_text _builder_version=\u00a0\u00bb4.23.1&Prime; text_font=\u00a0\u00bbMontserrat||||\u00a0\u00bb text_text_color=\u00a0\u00bb#000000&Prime; text_font_size=\u00a0\u00bb20px\u00a0\u00bb text_line_height=\u00a0\u00bb1.8em\u00a0\u00bb header_font=\u00a0\u00bb||||||||\u00a0\u00bb custom_margin=\u00a0\u00bb0px||0px||false|false\u00a0\u00bb custom_margin_tablet=\u00a0\u00bb0px||0px||false|false\u00a0\u00bb custom_margin_phone=\u00a0\u00bb-44px||0px||false|false\u00a0\u00bb custom_margin_last_edited=\u00a0\u00bbon|phone\u00a0\u00bb animation_style=\u00a0\u00bbslide\u00a0\u00bb animation_direction=\u00a0\u00bbtop\u00a0\u00bb animation_intensity_slide=\u00a0\u00bb17%\u00a0\u00bb locked=\u00a0\u00bboff\u00a0\u00bb global_colors_info=\u00a0\u00bb{}\u00a0\u00bb]<\/p>\n<p>Les chenilles processionnaires du pin, rep\u00e9rables \u00e0 leurs nids perch\u00e9s sur le bout des branches de pins et d\u00e9placement en \u00ab\u00a0file indienne\u00a0\u00bb.<br \/>Leurs poils urticants provoquent des irritations de la peau et des voies respiratoires<\/p>\n<p>[\/et_pb_text][et_pb_image src=\u00a0\u00bbhttps:\/\/arbres-et-co-64.fr\/wp-content\/uploads\/2023\/11\/27.png\u00a0\u00bb alt=\u00a0\u00bbArbres &#038; co 64 &#8211; Lohiague \u00e9lagages &#8211; parcs &#8211; jardins &#8211; abattages\u00a0\u00bb title_text=\u00a0\u00bbArbres &#038; co 64 &#8211; Lohiague \u00e9lagages &#8211; parcs &#8211; jardins &#8211; abattages\u00a0\u00bb _builder_version=\u00a0\u00bb4.23.1&Prime; _module_preset=\u00a0\u00bbdefault\u00a0\u00bb custom_margin_tablet=\u00a0\u00bb\u00a0\u00bb custom_margin_phone=\u00a0\u00bb13px||||false|false\u00a0\u00bb custom_margin_last_edited=\u00a0\u00bbon|phone\u00a0\u00bb global_colors_info=\u00a0\u00bb{}\u00a0\u00bb][\/et_pb_image][\/et_pb_column][\/et_pb_row][et_pb_row disabled_on=\u00a0\u00bboff|off|on\u00a0\u00bb _builder_version=\u00a0\u00bb4.23&Prime; _module_preset=\u00a0\u00bbdefault\u00a0\u00bb global_colors_info=\u00a0\u00bb{}\u00a0\u00bb][et_pb_column type=\u00a0\u00bb4_4&Prime; _builder_version=\u00a0\u00bb4.23&Prime; _module_preset=\u00a0\u00bbdefault\u00a0\u00bb global_colors_info=\u00a0\u00bb{}\u00a0\u00bb][et_pb_text _builder_version=\u00a0\u00bb4.23&Prime; text_font=\u00a0\u00bb||||||||\u00a0\u00bb header_font=\u00a0\u00bbMontserrat|700||on|||||\u00a0\u00bb header_text_color=\u00a0\u00bb#000000&Prime; header_font_size=\u00a0\u00bb52px\u00a0\u00bb header_line_height=\u00a0\u00bb1.3em\u00a0\u00bb custom_margin=\u00a0\u00bb0px||0px||false|false\u00a0\u00bb custom_margin_tablet=\u00a0\u00bb0px||0px||false|false\u00a0\u00bb custom_margin_phone=\u00a0\u00bb0px||44px||false|false\u00a0\u00bb custom_margin_last_edited=\u00a0\u00bbon|phone\u00a0\u00bb animation_style=\u00a0\u00bbfade\u00a0\u00bb header_font_size_tablet=\u00a0\u00bb52px\u00a0\u00bb header_font_size_phone=\u00a0\u00bb27px\u00a0\u00bb header_font_size_last_edited=\u00a0\u00bbon|phone\u00a0\u00bb locked=\u00a0\u00bboff\u00a0\u00bb global_colors_info=\u00a0\u00bb{}\u00a0\u00bb header_font_size__hover_enabled=\u00a0\u00bboff|desktop\u00a0\u00bb]<\/p>\n<h1>TONTE, TAILLE &amp; entretien<\/h1>\n<p>[\/et_pb_text][et_pb_text _builder_version=\u00a0\u00bb4.23.1&Prime; text_font=\u00a0\u00bbMontserrat||||\u00a0\u00bb text_text_color=\u00a0\u00bb#000000&Prime; text_font_size=\u00a0\u00bb20px\u00a0\u00bb text_line_height=\u00a0\u00bb1.8em\u00a0\u00bb header_font=\u00a0\u00bb||||||||\u00a0\u00bb custom_margin=\u00a0\u00bb0px||0px||false|false\u00a0\u00bb custom_margin_tablet=\u00a0\u00bb0px||0px||false|false\u00a0\u00bb custom_margin_phone=\u00a0\u00bb-43px||0px||false|false\u00a0\u00bb custom_margin_last_edited=\u00a0\u00bbon|phone\u00a0\u00bb animation_style=\u00a0\u00bbslide\u00a0\u00bb animation_direction=\u00a0\u00bbtop\u00a0\u00bb animation_intensity_slide=\u00a0\u00bb17%\u00a0\u00bb locked=\u00a0\u00bboff\u00a0\u00bb global_colors_info=\u00a0\u00bb{}\u00a0\u00bb]<\/p>\n<p><span>Nos activit\u00e9s s&rsquo;articulent \u00e9galement autour des am\u00e9nagements ext\u00e9rieurs, entretien, taille &amp; pose de cl\u00f4ture<\/span><\/p>\n<p>[\/et_pb_text][et_pb_image src=\u00a0\u00bbhttps:\/\/arbres-et-co-64.fr\/wp-content\/uploads\/2023\/11\/MADICOM-SITE-LOHIAGUE-2.png\u00a0\u00bb alt=\u00a0\u00bbArbres &#038; co 64 &#8211; Lohiague \u00e9lagages &#8211; parcs &#8211; jardins &#8211; abattages\u00a0\u00bb title_text=\u00a0\u00bbArbres &#038; co 64 &#8211; Lohiague \u00e9lagages &#8211; parcs &#8211; jardins &#8211; abattages\u00a0\u00bb _builder_version=\u00a0\u00bb4.23.1&Prime; _module_preset=\u00a0\u00bbdefault\u00a0\u00bb custom_margin_tablet=\u00a0\u00bb\u00a0\u00bb custom_margin_phone=\u00a0\u00bb16px||||false|false\u00a0\u00bb custom_margin_last_edited=\u00a0\u00bbon|phone\u00a0\u00bb global_colors_info=\u00a0\u00bb{}\u00a0\u00bb][\/et_pb_image][\/et_pb_column][\/et_pb_row][\/et_pb_section][et_pb_section fb_built=\u00a0\u00bb1&Prime; admin_label=\u00a0\u00bbService Section\u00a0\u00bb module_id=\u00a0\u00bbchenilles\u00a0\u00bb _builder_version=\u00a0\u00bb4.23.1&Prime; custom_margin=\u00a0\u00bb|||\u00a0\u00bb custom_padding=\u00a0\u00bb54px||82px|||\u00a0\u00bb top_divider_style=\u00a0\u00bbslant\u00a0\u00bb top_divider_color=\u00a0\u00bb#FFFFFF\u00a0\u00bb global_colors_info=\u00a0\u00bb{}\u00a0\u00bb][et_pb_row _builder_version=\u00a0\u00bb4.22.2&Prime; _module_preset=\u00a0\u00bbdefault\u00a0\u00bb global_colors_info=\u00a0\u00bb{}\u00a0\u00bb][et_pb_column type=\u00a0\u00bb4_4&Prime; _builder_version=\u00a0\u00bb4.22.2&Prime; _module_preset=\u00a0\u00bbdefault\u00a0\u00bb global_colors_info=\u00a0\u00bb{}\u00a0\u00bb][et_pb_text _builder_version=\u00a0\u00bb4.23.1&Prime; _module_preset=\u00a0\u00bbdefault\u00a0\u00bb text_font=\u00a0\u00bbMontserrat|600|||||||\u00a0\u00bb text_text_color=\u00a0\u00bb#000000&Prime; text_font_size=\u00a0\u00bb28px\u00a0\u00bb text_orientation=\u00a0\u00bbcenter\u00a0\u00bb text_font_size_tablet=\u00a0\u00bb28px\u00a0\u00bb text_font_size_phone=\u00a0\u00bb25px\u00a0\u00bb text_font_size_last_edited=\u00a0\u00bbon|phone\u00a0\u00bb global_colors_info=\u00a0\u00bb{}\u00a0\u00bb]<\/p>\n<p>CHENILLES PROCESSIONNAIRES<\/p>\n<p>[\/et_pb_text][et_pb_text _builder_version=\u00a0\u00bb4.23&Prime; _module_preset=\u00a0\u00bbdefault\u00a0\u00bb text_font=\u00a0\u00bbMontserrat|600|||||||\u00a0\u00bb text_text_color=\u00a0\u00bb#000000&Prime; text_font_size=\u00a0\u00bb17px\u00a0\u00bb global_colors_info=\u00a0\u00bb{}\u00a0\u00bb]<\/p>\n<p><span>C\u2019est la plus urticante des chenilles de nos r\u00e9gions.\u00a0<\/span><\/p>\n<p><span>Les allergies peuvent \u00eatre tr\u00e8s fortes. Chez les animaux, en cas d\u2019ingestion, la langue peut se n\u00e9croser, les emp\u00eachant de s\u2019alimenter.\u00a0<\/span><\/p>\n<p><span>Sur l\u2019Homme, la r\u00e9action peut \u00eatre violemment allergique.\u00a0<\/span><\/p>\n<p>[\/et_pb_text][\/et_pb_column][\/et_pb_row][et_pb_row column_structure=\u00a0\u00bb1_2,1_2&Prime; _builder_version=\u00a0\u00bb4.23.1&Prime; _module_preset=\u00a0\u00bbdefault\u00a0\u00bb global_colors_info=\u00a0\u00bb{}\u00a0\u00bb][et_pb_column type=\u00a0\u00bb1_2&Prime; _builder_version=\u00a0\u00bb4.23.1&Prime; _module_preset=\u00a0\u00bbdefault\u00a0\u00bb global_colors_info=\u00a0\u00bb{}\u00a0\u00bb][et_pb_image src=\u00a0\u00bbhttps:\/\/arbres-et-co-64.fr\/wp-content\/uploads\/2023\/11\/prevention-chenilles.png\u00a0\u00bb alt=\u00a0\u00bbArbres &#038; co 64 &#8211; Lohiague \u00e9lagages &#8211; parcs &#8211; jardins &#8211; abattages\u00a0\u00bb title_text=\u00a0\u00bbArbres &#038; co 64 &#8211; Lohiague \u00e9lagages &#8211; parcs &#8211; jardins &#8211; abattages\u00a0\u00bb _builder_version=\u00a0\u00bb4.23.1&Prime; _module_preset=\u00a0\u00bbdefault\u00a0\u00bb box_shadow_style=\u00a0\u00bbpreset1&Prime; global_colors_info=\u00a0\u00bb{}\u00a0\u00bb][\/et_pb_image][\/et_pb_column][et_pb_column type=\u00a0\u00bb1_2&Prime; _builder_version=\u00a0\u00bb4.23.1&Prime; _module_preset=\u00a0\u00bbdefault\u00a0\u00bb global_colors_info=\u00a0\u00bb{}\u00a0\u00bb][et_pb_text _builder_version=\u00a0\u00bb4.23&Prime; _module_preset=\u00a0\u00bbdefault\u00a0\u00bb text_font=\u00a0\u00bbMontserrat|700|||||||\u00a0\u00bb text_text_color=\u00a0\u00bb#000000&Prime; text_font_size=\u00a0\u00bb19px\u00a0\u00bb text_line_height=\u00a0\u00bb1em\u00a0\u00bb text_orientation=\u00a0\u00bbcenter\u00a0\u00bb custom_margin=\u00a0\u00bb46px||||false|false\u00a0\u00bb global_colors_info=\u00a0\u00bb{}\u00a0\u00bb]<\/p>\n<p class=\"cvGsUA direction-ltr align-start para-style-body\"><span class=\"OYPEnA text-decoration-none text-strikethrough-none\">Plusieurs techniques de luttes<\/span><span class=\"OYPEnA text-decoration-none text-strikethrough-none white-space-prewrap\"> <\/span><\/p>\n<p class=\"cvGsUA direction-ltr align-start para-style-body\"><span class=\"OYPEnA text-decoration-none text-strikethrough-none\">peuvent \u00eatre d\u00e9ploy\u00e9es :<\/span><\/p>\n<p>[\/et_pb_text][et_pb_text _builder_version=\u00a0\u00bb4.23.1&Prime; _module_preset=\u00a0\u00bbdefault\u00a0\u00bb text_font=\u00a0\u00bbMontserrat|600|||||||\u00a0\u00bb text_text_color=\u00a0\u00bb#000000&Prime; text_font_size=\u00a0\u00bb16px\u00a0\u00bb global_colors_info=\u00a0\u00bb{}\u00a0\u00bb]<\/p>\n<p><span class=\"OYPEnA text-decoration-none text-strikethrough-none\">&#8211; Mesures \u00e9cologiques (am\u00e9lioration de la biodiversit\u00e9 des peuplements)<\/span><\/p>\n<p><span class=\"OYPEnA text-decoration-none text-strikethrough-none\">&#8211; Traitement phytosanitaire biologique &#8211; chimique (traitement insecticide)<span class=\"OYPEnA text-decoration-none text-strikethrough-none white-space-prewrap\"> <\/span><\/span><\/p>\n<p><span class=\"OYPEnA text-decoration-none text-strikethrough-none\">&#8211; Lutte m\u00e9canique (agir directement sur les branches porteuses)<\/span><\/p>\n<p><span class=\"OYPEnA text-decoration-none text-strikethrough-none\">&#8211; Pi\u00e9geage par confusion sexuelle (pi\u00e8ge \u00e0 ph\u00e9romone)<span class=\"OYPEnA text-decoration-none text-strikethrough-none white-space-prewrap\"> <\/span><\/span><\/p>\n<p><span class=\"OYPEnA text-decoration-none text-strikethrough-none\">&#8211; Lutte biologique (implantation de pr\u00e9dateur : m\u00e9sanges&#8230;)<\/span><\/p>\n<p>[\/et_pb_text][et_pb_button button_url=\u00a0\u00bbhttps:\/\/arbres-et-co-64.fr\/?page_id=136&Prime; button_text=\u00a0\u00bbContact\u00a0\u00bb button_alignment=\u00a0\u00bbcenter\u00a0\u00bb _builder_version=\u00a0\u00bb4.23.1&Prime; _module_preset=\u00a0\u00bbdefault\u00a0\u00bb custom_button=\u00a0\u00bbon\u00a0\u00bb button_text_color=\u00a0\u00bb#000000&Prime; button_border_width=\u00a0\u00bb2px\u00a0\u00bb button_border_radius=\u00a0\u00bb71px\u00a0\u00bb global_colors_info=\u00a0\u00bb{}\u00a0\u00bb][\/et_pb_button][\/et_pb_column][\/et_pb_row][et_pb_row column_structure=\u00a0\u00bb1_2,1_2&Prime; _builder_version=\u00a0\u00bb4.23&Prime; _module_preset=\u00a0\u00bbdefault\u00a0\u00bb global_colors_info=\u00a0\u00bb{}\u00a0\u00bb][et_pb_column type=\u00a0\u00bb1_2&Prime; _builder_version=\u00a0\u00bb4.23&Prime; _module_preset=\u00a0\u00bbdefault\u00a0\u00bb global_colors_info=\u00a0\u00bb{}\u00a0\u00bb][et_pb_code _builder_version=\u00a0\u00bb4.23&Prime; _module_preset=\u00a0\u00bbdefault\u00a0\u00bb global_colors_info=\u00a0\u00bb{}\u00a0\u00bb]<\/p>\n<div class=\"et_pb_button_module_wrapper et_pb_button_0_wrapper et_pb_button_alignment_center et_pb_module\"><!-- [et_pb_line_break_holder] -->\t<a class=\"et_pb_button et_pb_button_0 et_pb_bg_layout_light\" dnone=\".dnone\">En savoir plus<\/a><!-- [et_pb_line_break_holder] --><\/div>\n<p><!-- [et_pb_line_break_holder] --><\/p>\n<style><!-- [et_pb_line_break_holder] -->  [dnone] {<!-- [et_pb_line_break_holder] -->    cursor: pointer<!-- [et_pb_line_break_holder] -->  }<!-- [et_pb_line_break_holder] -->  <!-- [et_pb_line_break_holder] -->  body #page-container .et_pb_section .et_pb_button_0, body .pum-container .et_pb_section .et_pb_button_0 {<!-- [et_pb_line_break_holder] -->    color: #ffffff!important;<!-- [et_pb_line_break_holder] -->    border-width: 7px!important;<!-- [et_pb_line_break_holder] -->    border-color: #3C540C;<!-- [et_pb_line_break_holder] -->    border-radius: 30px;<!-- [et_pb_line_break_holder] -->    letter-spacing: 2px;<!-- [et_pb_line_break_holder] -->    font-size: 12px;<!-- [et_pb_line_break_holder] -->    font-family: 'Lato',Helvetica,Arial,Lucida,sans-serif!important;<!-- [et_pb_line_break_holder] -->    font-weight: 900!important;<!-- [et_pb_line_break_holder] -->    text-transform: uppercase!important;<!-- [et_pb_line_break_holder] -->    background-color: #3C540C;<!-- [et_pb_line_break_holder] -->}<!-- [et_pb_line_break_holder] --><\/style>\n<p><!-- [et_pb_line_break_holder] --><script><!-- [et_pb_line_break_holder] -->    console.log('button starting...')<!-- [et_pb_line_break_holder] -->  document.addEventListener('DOMContentLoaded', (event) => {<!-- [et_pb_line_break_holder] -->    console.log('button init')<!-- [et_pb_line_break_holder] -->    let dshow = false<!-- [et_pb_line_break_holder] -->  $('[dnone]').click(function (event) {<!-- [et_pb_line_break_holder] -->    if(dshow){<!-- [et_pb_line_break_holder] -->    console.log('button close')<!-- [et_pb_line_break_holder] -->      $($(this).attr('dnone')).css('display','block');<!-- [et_pb_line_break_holder] -->      dshow = false<!-- [et_pb_line_break_holder] -->    }else{<!-- [et_pb_line_break_holder] -->    console.log('button open')<!-- [et_pb_line_break_holder] -->      $($(this).attr('dnone')).css('display','none');<!-- [et_pb_line_break_holder] -->      dshow = true<!-- [et_pb_line_break_holder] -->    }<!-- [et_pb_line_break_holder] -->  })<!-- [et_pb_line_break_holder] -->  $(\"[dnone]\").trigger(\"click\");<!-- [et_pb_line_break_holder] -->  })<!-- [et_pb_line_break_holder] --><\/script>[\/et_pb_code][et_pb_image src=\u00a0\u00bbhttps:\/\/arbres-et-co-64.fr\/wp-content\/uploads\/2023\/11\/1.png\u00a0\u00bb alt=\u00a0\u00bbArbres &#038; co 64 &#8211; Lohiague \u00e9lagages &#8211; parcs &#8211; jardins &#8211; abattages\u00a0\u00bb title_text=\u00a0\u00bbArbres &#038; co 64 &#8211; Lohiague \u00e9lagages &#8211; parcs &#8211; jardins &#8211; abattages\u00a0\u00bb module_class=\u00a0\u00bbrv_element_1 dnone\u00a0\u00bb _builder_version=\u00a0\u00bb4.23.1&Prime; _module_preset=\u00a0\u00bbdefault\u00a0\u00bb custom_margin=\u00a0\u00bb12px||60px|||\u00a0\u00bb global_colors_info=\u00a0\u00bb{}\u00a0\u00bb][\/et_pb_image][et_pb_image src=\u00a0\u00bbhttps:\/\/arbres-et-co-64.fr\/wp-content\/uploads\/2023\/11\/LUTTE.png\u00a0\u00bb alt=\u00a0\u00bbArbres &#038; co 64 &#8211; Lohiague \u00e9lagages &#8211; parcs &#8211; jardins &#8211; abattages\u00a0\u00bb title_text=\u00a0\u00bbArbres &#038; co 64 &#8211; Lohiague \u00e9lagages &#8211; parcs &#8211; jardins &#8211; abattages\u00a0\u00bb module_class=\u00a0\u00bbrv_element_1 dnone\u00a0\u00bb _builder_version=\u00a0\u00bb4.23.1&Prime; _module_preset=\u00a0\u00bbdefault\u00a0\u00bb global_colors_info=\u00a0\u00bb{}\u00a0\u00bb][\/et_pb_image][\/et_pb_column][et_pb_column type=\u00a0\u00bb1_2&Prime; _builder_version=\u00a0\u00bb4.23&Prime; _module_preset=\u00a0\u00bbdefault\u00a0\u00bb global_colors_info=\u00a0\u00bb{}\u00a0\u00bb][et_pb_image src=\u00a0\u00bbhttps:\/\/arbres-et-co-64.fr\/wp-content\/uploads\/2023\/11\/4.png\u00a0\u00bb alt=\u00a0\u00bbArbres &#038; co 64 &#8211; Lohiague \u00e9lagages &#8211; parcs &#8211; jardins &#8211; abattages\u00a0\u00bb title_text=\u00a0\u00bbArbres &#038; co 64 &#8211; Lohiague \u00e9lagages &#8211; parcs &#8211; jardins &#8211; abattages\u00a0\u00bb module_class=\u00a0\u00bbrv_element_1 dnone\u00a0\u00bb _builder_version=\u00a0\u00bb4.23.1&Prime; _module_preset=\u00a0\u00bbdefault\u00a0\u00bb custom_margin=\u00a0\u00bb77px||||false|false\u00a0\u00bb custom_margin_tablet=\u00a0\u00bb77px||||false|false\u00a0\u00bb custom_margin_phone=\u00a0\u00bb16px||||false|false\u00a0\u00bb custom_margin_last_edited=\u00a0\u00bbon|phone\u00a0\u00bb global_colors_info=\u00a0\u00bb{}\u00a0\u00bb][\/et_pb_image][et_pb_image src=\u00a0\u00bbhttps:\/\/arbres-et-co-64.fr\/wp-content\/uploads\/2023\/11\/TRAITEMENT.png\u00a0\u00bb alt=\u00a0\u00bbArbres &#038; co 64 &#8211; Lohiague \u00e9lagages &#8211; parcs &#8211; jardins &#8211; abattages\u00a0\u00bb title_text=\u00a0\u00bbArbres &#038; co 64 &#8211; Lohiague \u00e9lagages &#8211; parcs &#8211; jardins &#8211; abattages\u00a0\u00bb module_class=\u00a0\u00bbrv_element_1 dnone\u00a0\u00bb _builder_version=\u00a0\u00bb4.23.1&Prime; _module_preset=\u00a0\u00bbdefault\u00a0\u00bb global_colors_info=\u00a0\u00bb{}\u00a0\u00bb][\/et_pb_image][\/et_pb_column][\/et_pb_row][\/et_pb_section][et_pb_section fb_built=\u00a0\u00bb1&Prime; admin_label=\u00a0\u00bbFun Fact Section\u00a0\u00bb _builder_version=\u00a0\u00bb4.22.2&Prime; background_color=\u00a0\u00bb#3c540c\u00a0\u00bb custom_margin=\u00a0\u00bb|||\u00a0\u00bb custom_padding=\u00a0\u00bb22px||16px|||\u00a0\u00bb global_colors_info=\u00a0\u00bb{}\u00a0\u00bb][et_pb_row _builder_version=\u00a0\u00bb4.22.2&Prime; _module_preset=\u00a0\u00bbdefault\u00a0\u00bb animation_style=\u00a0\u00bbzoom\u00a0\u00bb animation_duration=\u00a0\u00bb200ms\u00a0\u00bb animation_intensity_zoom=\u00a0\u00bb18%\u00a0\u00bb global_colors_info=\u00a0\u00bb{}\u00a0\u00bb][et_pb_column type=\u00a0\u00bb4_4&Prime; _builder_version=\u00a0\u00bb4.22.2&Prime; _module_preset=\u00a0\u00bbdefault\u00a0\u00bb global_colors_info=\u00a0\u00bb{}\u00a0\u00bb][et_pb_image src=\u00a0\u00bbhttps:\/\/arbres-et-co-64.fr\/wp-content\/uploads\/2023\/11\/chen.png\u00a0\u00bb alt=\u00a0\u00bbArbres &#038; co 64 &#8211; Lohiague \u00e9lagages &#8211; parcs &#8211; jardins &#8211; abattages\u00a0\u00bb title_text=\u00a0\u00bbArbres &#038; co 64 &#8211; Lohiague \u00e9lagages &#8211; parcs &#8211; jardins &#8211; abattages\u00a0\u00bb show_in_lightbox=\u00a0\u00bbon\u00a0\u00bb _builder_version=\u00a0\u00bb4.23.1&Prime; _module_preset=\u00a0\u00bbdefault\u00a0\u00bb width=\u00a0\u00bb50%\u00a0\u00bb module_alignment=\u00a0\u00bbcenter\u00a0\u00bb box_shadow_style=\u00a0\u00bbpreset1&Prime; global_colors_info=\u00a0\u00bb{}\u00a0\u00bb][\/et_pb_image][\/et_pb_column][\/et_pb_row][\/et_pb_section][et_pb_section fb_built=\u00a0\u00bb1&Prime; admin_label=\u00a0\u00bbService Section\u00a0\u00bb module_id=\u00a0\u00bbentretien\u00a0\u00bb _builder_version=\u00a0\u00bb4.23.1&Prime; custom_margin=\u00a0\u00bb|||\u00a0\u00bb custom_padding=\u00a0\u00bb54px||39px|||\u00a0\u00bb top_divider_style=\u00a0\u00bbslant\u00a0\u00bb top_divider_color=\u00a0\u00bb#FFFFFF\u00a0\u00bb global_colors_info=\u00a0\u00bb{}\u00a0\u00bb][et_pb_row _builder_version=\u00a0\u00bb4.22.2&Prime; _module_preset=\u00a0\u00bbdefault\u00a0\u00bb global_colors_info=\u00a0\u00bb{}\u00a0\u00bb][et_pb_column type=\u00a0\u00bb4_4&Prime; _builder_version=\u00a0\u00bb4.22.2&Prime; _module_preset=\u00a0\u00bbdefault\u00a0\u00bb global_colors_info=\u00a0\u00bb{}\u00a0\u00bb][et_pb_text _builder_version=\u00a0\u00bb4.23&Prime; _module_preset=\u00a0\u00bbdefault\u00a0\u00bb text_font=\u00a0\u00bbMontserrat|600|||||||\u00a0\u00bb text_text_color=\u00a0\u00bb#000000&Prime; text_font_size=\u00a0\u00bb28px\u00a0\u00bb text_orientation=\u00a0\u00bbcenter\u00a0\u00bb text_font_size_tablet=\u00a0\u00bb28px\u00a0\u00bb text_font_size_phone=\u00a0\u00bb25px\u00a0\u00bb text_font_size_last_edited=\u00a0\u00bbon|phone\u00a0\u00bb global_colors_info=\u00a0\u00bb{}\u00a0\u00bb]<\/p>\n<p>Taille, tonte &amp; entretien<\/p>\n<p>[\/et_pb_text][et_pb_text _builder_version=\u00a0\u00bb4.23&Prime; _module_preset=\u00a0\u00bbdefault\u00a0\u00bb text_font=\u00a0\u00bbMontserrat|600|||||||\u00a0\u00bb text_text_color=\u00a0\u00bb#000000&Prime; text_font_size=\u00a0\u00bb17px\u00a0\u00bb global_colors_info=\u00a0\u00bb{}\u00a0\u00bb]<\/p>\n<p><strong><\/strong><\/p>\n<p><strong>Notre<\/strong><span>\u00a0<\/span><strong>coop\u00e9rative de paysagistes \u00e0 Hasparren (64)<\/strong><span>\u00a0prend en charge tous vos\u00a0<\/span><strong>travaux d\u2019am\u00e9nagements et de cr\u00e9ations de parcs et de jardins dans les Pyr\u00e9n\u00e9es-Atlantiques et les Landes<\/strong><span>.<\/span><\/p>\n<p>[\/et_pb_text][\/et_pb_column][\/et_pb_row][et_pb_row column_structure=\u00a0\u00bb1_2,1_2&Prime; _builder_version=\u00a0\u00bb4.23&Prime; _module_preset=\u00a0\u00bbdefault\u00a0\u00bb global_colors_info=\u00a0\u00bb{}\u00a0\u00bb][et_pb_column type=\u00a0\u00bb1_2&Prime; _builder_version=\u00a0\u00bb4.23&Prime; _module_preset=\u00a0\u00bbdefault\u00a0\u00bb global_colors_info=\u00a0\u00bb{}\u00a0\u00bb][et_pb_image src=\u00a0\u00bbhttps:\/\/arbres-et-co-64.fr\/wp-content\/uploads\/2023\/10\/WhatsApp-Image-2023-01-30-a-19.34.06.jpg\u00a0\u00bb alt=\u00a0\u00bbArbres &#038; co 64 &#8211; Lohiague \u00e9lagages &#8211; parcs &#8211; jardins &#8211; abattages\u00a0\u00bb title_text=\u00a0\u00bbArbres &#038; co 64 &#8211; Lohiague \u00e9lagages &#8211; parcs &#8211; jardins &#8211; abattages\u00a0\u00bb _builder_version=\u00a0\u00bb4.23.1&Prime; _module_preset=\u00a0\u00bbdefault\u00a0\u00bb box_shadow_style=\u00a0\u00bbpreset1&Prime; global_colors_info=\u00a0\u00bb{}\u00a0\u00bb][\/et_pb_image][\/et_pb_column][et_pb_column type=\u00a0\u00bb1_2&Prime; _builder_version=\u00a0\u00bb4.23&Prime; _module_preset=\u00a0\u00bbdefault\u00a0\u00bb global_colors_info=\u00a0\u00bb{}\u00a0\u00bb][et_pb_text _builder_version=\u00a0\u00bb4.23.1&Prime; _module_preset=\u00a0\u00bbdefault\u00a0\u00bb text_font=\u00a0\u00bbMontserrat|700|||||||\u00a0\u00bb text_text_color=\u00a0\u00bb#000000&Prime; text_font_size=\u00a0\u00bb19px\u00a0\u00bb text_line_height=\u00a0\u00bb1em\u00a0\u00bb text_orientation=\u00a0\u00bbcenter\u00a0\u00bb custom_margin=\u00a0\u00bb46px||||false|false\u00a0\u00bb global_colors_info=\u00a0\u00bb{}\u00a0\u00bb]<\/p>\n<p class=\"cvGsUA direction-ltr align-start para-style-body\">Petits &amp; gros chantiers<br \/>cl\u00f4tures &amp; all\u00e9es<\/p>\n<p>[\/et_pb_text][et_pb_text _builder_version=\u00a0\u00bb4.23&Prime; _module_preset=\u00a0\u00bbdefault\u00a0\u00bb text_font=\u00a0\u00bbMontserrat|600|||||||\u00a0\u00bb text_text_color=\u00a0\u00bb#000000&Prime; text_font_size=\u00a0\u00bb16px\u00a0\u00bb global_colors_info=\u00a0\u00bb{}\u00a0\u00bb]<\/p>\n<p><span class=\"OYPEnA text-decoration-none text-strikethrough-none\">&#8211; Entretien pelouse, arbustes, haies&#8230;<\/span><\/p>\n<p><span class=\"OYPEnA text-decoration-none text-strikethrough-none\">&#8211; Restaurations &amp; poses de cl\u00f4tures<\/span><\/p>\n<p><span class=\"OYPEnA text-decoration-none text-strikethrough-none\">&#8211; Ma\u00e7onnerie de jardin<\/span><\/p>\n<p><span class=\"OYPEnA text-decoration-none text-strikethrough-none\">&#8211; Am\u00e9liorations &amp; cr\u00e9ations d&rsquo;all\u00e9es\u00a0<\/span><\/p>\n<p><span class=\"OYPEnA text-decoration-none text-strikethrough-none\">&#8211; Replantations &amp; taille d&rsquo;arbre<\/span><\/p>\n<p>[\/et_pb_text][et_pb_button button_url=\u00a0\u00bbhttps:\/\/arbres-et-co-64.fr\/?page_id=136&Prime; button_text=\u00a0\u00bbContact\u00a0\u00bb button_alignment=\u00a0\u00bbcenter\u00a0\u00bb _builder_version=\u00a0\u00bb4.23.1&Prime; _module_preset=\u00a0\u00bbdefault\u00a0\u00bb custom_button=\u00a0\u00bbon\u00a0\u00bb button_text_color=\u00a0\u00bb#FFFFFF\u00a0\u00bb button_bg_color=\u00a0\u00bb#3c540c\u00a0\u00bb button_border_radius=\u00a0\u00bb60px\u00a0\u00bb global_colors_info=\u00a0\u00bb{}\u00a0\u00bb][\/et_pb_button][\/et_pb_column][\/et_pb_row][et_pb_row _builder_version=\u00a0\u00bb4.23&Prime; _module_preset=\u00a0\u00bbdefault\u00a0\u00bb global_colors_info=\u00a0\u00bb{}\u00a0\u00bb][et_pb_column type=\u00a0\u00bb4_4&Prime; _builder_version=\u00a0\u00bb4.23&Prime; _module_preset=\u00a0\u00bbdefault\u00a0\u00bb global_colors_info=\u00a0\u00bb{}\u00a0\u00bb][et_pb_text _builder_version=\u00a0\u00bb4.27.4&Prime; _module_preset=\u00a0\u00bbdefault\u00a0\u00bb text_font=\u00a0\u00bbMontserrat|600|||||||\u00a0\u00bb text_text_color=\u00a0\u00bb#000000&Prime; text_font_size=\u00a0\u00bb17px\u00a0\u00bb hover_enabled=\u00a0\u00bb0&Prime; global_colors_info=\u00a0\u00bb{}\u00a0\u00bb sticky_enabled=\u00a0\u00bb0&Prime;]<\/p>\n<p><strong><\/strong><\/p>\n<p><span class=\"OYPEnA text-decoration-none text-strikethrough-none\">Notre adh\u00e9sion \u00e0 UNIPROS vous permet de b\u00e9n\u00e9ficier de 50% de cr\u00e9dit d&rsquo;imp\u00f4t sur tous vos travaux de jardins (taille, tonte&#8230;) dans la limite de 5 000 \u20ac de d\u00e9penses par an et par foyer fiscal.<\/span><\/p>\n<p>[\/et_pb_text][\/et_pb_column][\/et_pb_row][\/et_pb_section][et_pb_section fb_built=\u00a0\u00bb1&Prime; custom_padding_last_edited=\u00a0\u00bbon|phone\u00a0\u00bb admin_label=\u00a0\u00bbFun Fact Section\u00a0\u00bb _builder_version=\u00a0\u00bb4.23.1&Prime; background_color=\u00a0\u00bb#3c540c\u00a0\u00bb custom_margin=\u00a0\u00bb||-106px||false|false\u00a0\u00bb custom_margin_tablet=\u00a0\u00bb||-106px||false|false\u00a0\u00bb custom_margin_phone=\u00a0\u00bb||0px||false|false\u00a0\u00bb custom_margin_last_edited=\u00a0\u00bbon|phone\u00a0\u00bb custom_padding=\u00a0\u00bb18px||0px||false|false\u00a0\u00bb custom_padding_tablet=\u00a0\u00bb18px||0px||false|false\u00a0\u00bb custom_padding_phone=\u00a0\u00bb0px||44px||false|false\u00a0\u00bb global_colors_info=\u00a0\u00bb{}\u00a0\u00bb][et_pb_row column_structure=\u00a0\u00bb1_2,1_2&Prime; _builder_version=\u00a0\u00bb4.22.2&Prime; _module_preset=\u00a0\u00bbdefault\u00a0\u00bb animation_style=\u00a0\u00bbzoom\u00a0\u00bb animation_duration=\u00a0\u00bb200ms\u00a0\u00bb animation_intensity_zoom=\u00a0\u00bb18%\u00a0\u00bb global_colors_info=\u00a0\u00bb{}\u00a0\u00bb][et_pb_column type=\u00a0\u00bb1_2&Prime; _builder_version=\u00a0\u00bb4.22.2&Prime; _module_preset=\u00a0\u00bbdefault\u00a0\u00bb global_colors_info=\u00a0\u00bb{}\u00a0\u00bb][et_pb_image src=\u00a0\u00bbhttps:\/\/arbres-et-co-64.fr\/wp-content\/uploads\/2023\/11\/38.png\u00a0\u00bb alt=\u00a0\u00bbArbres &#038; co 64 &#8211; Lohiague \u00e9lagages &#8211; parcs &#8211; jardins &#8211; abattages\u00a0\u00bb title_text=\u00a0\u00bbArbres &#038; co 64 &#8211; Lohiague \u00e9lagages &#8211; parcs &#8211; jardins &#8211; abattages\u00a0\u00bb show_in_lightbox=\u00a0\u00bbon\u00a0\u00bb _builder_version=\u00a0\u00bb4.23.1&Prime; _module_preset=\u00a0\u00bbdefault\u00a0\u00bb box_shadow_style=\u00a0\u00bbpreset1&Prime; global_colors_info=\u00a0\u00bb{}\u00a0\u00bb][\/et_pb_image][\/et_pb_column][et_pb_column type=\u00a0\u00bb1_2&Prime; _builder_version=\u00a0\u00bb4.22.2&Prime; _module_preset=\u00a0\u00bbdefault\u00a0\u00bb global_colors_info=\u00a0\u00bb{}\u00a0\u00bb][et_pb_image src=\u00a0\u00bbhttps:\/\/arbres-et-co-64.fr\/wp-content\/uploads\/2023\/11\/39.png\u00a0\u00bb alt=\u00a0\u00bbArbres &#038; co 64 &#8211; Lohiague \u00e9lagages &#8211; parcs &#8211; jardins &#8211; abattages\u00a0\u00bb title_text=\u00a0\u00bbvArbres &#038; co 64 &#8211; Lohiague \u00e9lagages &#8211; parcs &#8211; jardins &#8211; abattages\u00a0\u00bb show_in_lightbox=\u00a0\u00bbon\u00a0\u00bb _builder_version=\u00a0\u00bb4.23.1&Prime; _module_preset=\u00a0\u00bbdefault\u00a0\u00bb custom_margin=\u00a0\u00bb0px||||false|false\u00a0\u00bb box_shadow_style=\u00a0\u00bbpreset1&Prime; global_colors_info=\u00a0\u00bb{}\u00a0\u00bb][\/et_pb_image][\/et_pb_column][\/et_pb_row][et_pb_row column_structure=\u00a0\u00bb1_3,2_3&Prime; _builder_version=\u00a0\u00bb4.23.1&Prime; _module_preset=\u00a0\u00bbdefault\u00a0\u00bb custom_padding=\u00a0\u00bb||0px|||\u00a0\u00bb global_colors_info=\u00a0\u00bb{}\u00a0\u00bb][et_pb_column type=\u00a0\u00bb1_3&Prime; _builder_version=\u00a0\u00bb4.23.1&Prime; _module_preset=\u00a0\u00bbdefault\u00a0\u00bb global_colors_info=\u00a0\u00bb{}\u00a0\u00bb][et_pb_image src=\u00a0\u00bbhttps:\/\/arbres-et-co-64.fr\/wp-content\/uploads\/2023\/11\/xgfhj.png\u00a0\u00bb alt=\u00a0\u00bbArbres &#038; co 64 &#8211; Lohiague \u00e9lagages &#8211; parcs &#8211; jardins &#8211; abattages\u00a0\u00bb title_text=\u00a0\u00bbArbres &#038; co 64 &#8211; Lohiague \u00e9lagages &#8211; parcs &#8211; jardins &#8211; abattages\u00a0\u00bb _builder_version=\u00a0\u00bb4.23.1&Prime; _module_preset=\u00a0\u00bbdefault\u00a0\u00bb width=\u00a0\u00bb98%\u00a0\u00bb custom_margin_tablet=\u00a0\u00bb\u00a0\u00bb custom_margin_phone=\u00a0\u00bb-28px||||false|false\u00a0\u00bb custom_margin_last_edited=\u00a0\u00bbon|phone\u00a0\u00bb global_colors_info=\u00a0\u00bb{}\u00a0\u00bb][\/et_pb_image][\/et_pb_column][et_pb_column type=\u00a0\u00bb2_3&Prime; _builder_version=\u00a0\u00bb4.23.1&Prime; _module_preset=\u00a0\u00bbdefault\u00a0\u00bb global_colors_info=\u00a0\u00bb{}\u00a0\u00bb][et_pb_image src=\u00a0\u00bbhttps:\/\/arbres-et-co-64.fr\/wp-content\/uploads\/2023\/11\/37.png\u00a0\u00bb alt=\u00a0\u00bbArbres &#038; co 64 &#8211; Lohiague \u00e9lagages &#8211; parcs &#8211; jardins &#8211; abattages\u00a0\u00bb title_text=\u00a0\u00bbArbres &#038; co 64 &#8211; Lohiague \u00e9lagages &#8211; parcs &#8211; jardins &#8211; abattages\u00a0\u00bb _builder_version=\u00a0\u00bb4.23.1&Prime; _module_preset=\u00a0\u00bbdefault\u00a0\u00bb custom_margin_tablet=\u00a0\u00bb\u00a0\u00bb custom_margin_phone=\u00a0\u00bb-126px||||false|false\u00a0\u00bb custom_margin_last_edited=\u00a0\u00bbon|phone\u00a0\u00bb box_shadow_style=\u00a0\u00bbpreset1&Prime; global_colors_info=\u00a0\u00bb{}\u00a0\u00bb][\/et_pb_image][\/et_pb_column][\/et_pb_row][\/et_pb_section][et_pb_section fb_built=\u00a0\u00bb1&Prime; _builder_version=\u00a0\u00bb4.23.1&Prime; _module_preset=\u00a0\u00bbdefault\u00a0\u00bb custom_padding=\u00a0\u00bb30px|0px|30px|0px|true|false\u00a0\u00bb global_colors_info=\u00a0\u00bb{}\u00a0\u00bb][\/et_pb_section]<\/p>\n","protected":false},"excerpt":{"rendered":"<p>Autres activit\u00e9sChenilles processionnairesLes chenilles processionnaires du pin, rep\u00e9rables \u00e0 leurs nids perch\u00e9s sur le bout des branches de pins et d\u00e9placement en \u00ab\u00a0file indienne\u00a0\u00bb.Leurs poils urticants provoquent des irritations de la peau et des voies respiratoires Taille, tonte &amp; entretienNos activit\u00e9s s&rsquo;articulent \u00e9galement autour des am\u00e9nagements ext\u00e9rieurs, entretien, taille &amp; pose de cl\u00f4tureChenilles processionnairesLes chenilles [&hellip;]<\/p>\n","protected":false},"author":1,"featured_media":361,"parent":0,"menu_order":0,"comment_status":"closed","ping_status":"closed","template":"","meta":{"_et_pb_use_builder":"on","_et_pb_old_content":"","_et_gb_content_width":"","footnotes":""},"class_list":["post-131","page","type-page","status-publish","has-post-thumbnail","hentry"],"yoast_head":"<!-- This site is optimized with the Yoast SEO plugin v25.5 - https:\/\/yoast.com\/wordpress\/plugins\/seo\/ -->\n<title>Autres activit\u00e9s - Arbres &amp; Co 64<\/title>\n<meta name=\"description\" content=\"Nos activit\u00e9s s&#039;articulent \u00e9galement autour des am\u00e9nagements ext\u00e9rieurs, entretien, taille, pose de cl\u00f4ture...\" \/>\n<meta name=\"robots\" content=\"index, follow, max-snippet:-1, max-image-preview:large, max-video-preview:-1\" \/>\n<link rel=\"canonical\" href=\"https:\/\/arbres-et-co-64.fr\/?page_id=131\" \/>\n<meta property=\"og:locale\" content=\"fr_FR\" \/>\n<meta property=\"og:type\" content=\"article\" \/>\n<meta property=\"og:title\" content=\"Autres activit\u00e9s - Arbres &amp; Co 64\" \/>\n<meta property=\"og:description\" content=\"Nos activit\u00e9s s&#039;articulent \u00e9galement autour des am\u00e9nagements ext\u00e9rieurs, entretien, taille, pose de cl\u00f4ture...\" \/>\n<meta property=\"og:url\" content=\"https:\/\/arbres-et-co-64.fr\/?page_id=131\" \/>\n<meta property=\"og:site_name\" content=\"Arbres &amp; Co 64\" \/>\n<meta property=\"article:modified_time\" content=\"2025-07-23T10:13:14+00:00\" \/>\n<meta property=\"og:image\" content=\"https:\/\/arbres-et-co-64.fr\/wp-content\/uploads\/2023\/11\/38.png\" \/>\n\t<meta property=\"og:image:width\" content=\"1920\" \/>\n\t<meta property=\"og:image:height\" content=\"1080\" \/>\n\t<meta property=\"og:image:type\" content=\"image\/png\" \/>\n<meta name=\"twitter:card\" content=\"summary_large_image\" \/>\n<meta name=\"twitter:label1\" content=\"Dur\u00e9e de lecture estim\u00e9e\" \/>\n\t<meta name=\"twitter:data1\" content=\"6 minutes\" \/>\n<script type=\"application\/ld+json\" class=\"yoast-schema-graph\">{\"@context\":\"https:\/\/schema.org\",\"@graph\":[{\"@type\":\"WebPage\",\"@id\":\"https:\/\/arbres-et-co-64.fr\/?page_id=131\",\"url\":\"https:\/\/arbres-et-co-64.fr\/?page_id=131\",\"name\":\"Autres activit\u00e9s - Arbres &amp; Co 64\",\"isPartOf\":{\"@id\":\"https:\/\/arbres-et-co-64.fr\/#website\"},\"primaryImageOfPage\":{\"@id\":\"https:\/\/arbres-et-co-64.fr\/?page_id=131#primaryimage\"},\"image\":{\"@id\":\"https:\/\/arbres-et-co-64.fr\/?page_id=131#primaryimage\"},\"thumbnailUrl\":\"https:\/\/arbres-et-co-64.fr\/wp-content\/uploads\/2023\/11\/38.png\",\"datePublished\":\"2023-10-23T13:53:12+00:00\",\"dateModified\":\"2025-07-23T10:13:14+00:00\",\"description\":\"Nos activit\u00e9s s'articulent \u00e9galement autour des am\u00e9nagements ext\u00e9rieurs, entretien, taille, pose de cl\u00f4ture...\",\"breadcrumb\":{\"@id\":\"https:\/\/arbres-et-co-64.fr\/?page_id=131#breadcrumb\"},\"inLanguage\":\"fr-FR\",\"potentialAction\":[{\"@type\":\"ReadAction\",\"target\":[\"https:\/\/arbres-et-co-64.fr\/?page_id=131\"]}]},{\"@type\":\"ImageObject\",\"inLanguage\":\"fr-FR\",\"@id\":\"https:\/\/arbres-et-co-64.fr\/?page_id=131#primaryimage\",\"url\":\"https:\/\/arbres-et-co-64.fr\/wp-content\/uploads\/2023\/11\/38.png\",\"contentUrl\":\"https:\/\/arbres-et-co-64.fr\/wp-content\/uploads\/2023\/11\/38.png\",\"width\":1920,\"height\":1080,\"caption\":\"Arbres & co 64 - Lohiague \u00e9lagages - parcs - jardins - abattages\"},{\"@type\":\"BreadcrumbList\",\"@id\":\"https:\/\/arbres-et-co-64.fr\/?page_id=131#breadcrumb\",\"itemListElement\":[{\"@type\":\"ListItem\",\"position\":1,\"name\":\"Accueil\",\"item\":\"https:\/\/arbres-et-co-64.fr\/\"},{\"@type\":\"ListItem\",\"position\":2,\"name\":\"Autres activit\u00e9s\"}]},{\"@type\":\"WebSite\",\"@id\":\"https:\/\/arbres-et-co-64.fr\/#website\",\"url\":\"https:\/\/arbres-et-co-64.fr\/\",\"name\":\"Arbres &amp; Co 64\",\"description\":\"Votre coop\u00e9rative de travaux forestiers\",\"potentialAction\":[{\"@type\":\"SearchAction\",\"target\":{\"@type\":\"EntryPoint\",\"urlTemplate\":\"https:\/\/arbres-et-co-64.fr\/?s={search_term_string}\"},\"query-input\":{\"@type\":\"PropertyValueSpecification\",\"valueRequired\":true,\"valueName\":\"search_term_string\"}}],\"inLanguage\":\"fr-FR\"}]}<\/script>\n<!-- \/ Yoast SEO plugin. -->","yoast_head_json":{"title":"Autres activit\u00e9s - Arbres &amp; Co 64","description":"Nos activit\u00e9s s'articulent \u00e9galement autour des am\u00e9nagements ext\u00e9rieurs, entretien, taille, pose de cl\u00f4ture...","robots":{"index":"index","follow":"follow","max-snippet":"max-snippet:-1","max-image-preview":"max-image-preview:large","max-video-preview":"max-video-preview:-1"},"canonical":"https:\/\/arbres-et-co-64.fr\/?page_id=131","og_locale":"fr_FR","og_type":"article","og_title":"Autres activit\u00e9s - Arbres &amp; Co 64","og_description":"Nos activit\u00e9s s'articulent \u00e9galement autour des am\u00e9nagements ext\u00e9rieurs, entretien, taille, pose de cl\u00f4ture...","og_url":"https:\/\/arbres-et-co-64.fr\/?page_id=131","og_site_name":"Arbres &amp; Co 64","article_modified_time":"2025-07-23T10:13:14+00:00","og_image":[{"width":1920,"height":1080,"url":"https:\/\/arbres-et-co-64.fr\/wp-content\/uploads\/2023\/11\/38.png","type":"image\/png"}],"twitter_card":"summary_large_image","twitter_misc":{"Dur\u00e9e de lecture estim\u00e9e":"6 minutes"},"schema":{"@context":"https:\/\/schema.org","@graph":[{"@type":"WebPage","@id":"https:\/\/arbres-et-co-64.fr\/?page_id=131","url":"https:\/\/arbres-et-co-64.fr\/?page_id=131","name":"Autres activit\u00e9s - Arbres &amp; Co 64","isPartOf":{"@id":"https:\/\/arbres-et-co-64.fr\/#website"},"primaryImageOfPage":{"@id":"https:\/\/arbres-et-co-64.fr\/?page_id=131#primaryimage"},"image":{"@id":"https:\/\/arbres-et-co-64.fr\/?page_id=131#primaryimage"},"thumbnailUrl":"https:\/\/arbres-et-co-64.fr\/wp-content\/uploads\/2023\/11\/38.png","datePublished":"2023-10-23T13:53:12+00:00","dateModified":"2025-07-23T10:13:14+00:00","description":"Nos activit\u00e9s s'articulent \u00e9galement autour des am\u00e9nagements ext\u00e9rieurs, entretien, taille, pose de cl\u00f4ture...","breadcrumb":{"@id":"https:\/\/arbres-et-co-64.fr\/?page_id=131#breadcrumb"},"inLanguage":"fr-FR","potentialAction":[{"@type":"ReadAction","target":["https:\/\/arbres-et-co-64.fr\/?page_id=131"]}]},{"@type":"ImageObject","inLanguage":"fr-FR","@id":"https:\/\/arbres-et-co-64.fr\/?page_id=131#primaryimage","url":"https:\/\/arbres-et-co-64.fr\/wp-content\/uploads\/2023\/11\/38.png","contentUrl":"https:\/\/arbres-et-co-64.fr\/wp-content\/uploads\/2023\/11\/38.png","width":1920,"height":1080,"caption":"Arbres & co 64 - Lohiague \u00e9lagages - parcs - jardins - abattages"},{"@type":"BreadcrumbList","@id":"https:\/\/arbres-et-co-64.fr\/?page_id=131#breadcrumb","itemListElement":[{"@type":"ListItem","position":1,"name":"Accueil","item":"https:\/\/arbres-et-co-64.fr\/"},{"@type":"ListItem","position":2,"name":"Autres activit\u00e9s"}]},{"@type":"WebSite","@id":"https:\/\/arbres-et-co-64.fr\/#website","url":"https:\/\/arbres-et-co-64.fr\/","name":"Arbres &amp; Co 64","description":"Votre coop\u00e9rative de travaux forestiers","potentialAction":[{"@type":"SearchAction","target":{"@type":"EntryPoint","urlTemplate":"https:\/\/arbres-et-co-64.fr\/?s={search_term_string}"},"query-input":{"@type":"PropertyValueSpecification","valueRequired":true,"valueName":"search_term_string"}}],"inLanguage":"fr-FR"}]}},"_links":{"self":[{"href":"https:\/\/arbres-et-co-64.fr\/index.php?rest_route=\/wp\/v2\/pages\/131","targetHints":{"allow":["GET"]}}],"collection":[{"href":"https:\/\/arbres-et-co-64.fr\/index.php?rest_route=\/wp\/v2\/pages"}],"about":[{"href":"https:\/\/arbres-et-co-64.fr\/index.php?rest_route=\/wp\/v2\/types\/page"}],"author":[{"embeddable":true,"href":"https:\/\/arbres-et-co-64.fr\/index.php?rest_route=\/wp\/v2\/users\/1"}],"replies":[{"embeddable":true,"href":"https:\/\/arbres-et-co-64.fr\/index.php?rest_route=%2Fwp%2Fv2%2Fcomments&post=131"}],"version-history":[{"count":39,"href":"https:\/\/arbres-et-co-64.fr\/index.php?rest_route=\/wp\/v2\/pages\/131\/revisions"}],"predecessor-version":[{"id":483,"href":"https:\/\/arbres-et-co-64.fr\/index.php?rest_route=\/wp\/v2\/pages\/131\/revisions\/483"}],"wp:featuredmedia":[{"embeddable":true,"href":"https:\/\/arbres-et-co-64.fr\/index.php?rest_route=\/wp\/v2\/media\/361"}],"wp:attachment":[{"href":"https:\/\/arbres-et-co-64.fr\/index.php?rest_route=%2Fwp%2Fv2%2Fmedia&parent=131"}],"curies":[{"name":"wp","href":"https:\/\/api.w.org\/{rel}","templated":true}]}}